{"id":4132,"date":"2023-02-27T13:18:48","date_gmt":"2023-02-27T13:18:48","guid":{"rendered":"http:\/\/xmm-ssc.irap.omp.eu\/xmm2athena\/?page_id=4132"},"modified":"2023-02-28T10:50:23","modified_gmt":"2023-02-28T10:50:23","slug":"11-feb-2023-contribuciones-del-equipo-de-xmm2athena","status":"publish","type":"page","link":"http:\/\/xmm-ssc.irap.omp.eu\/xmm2athena\/es\/11-feb-2023-contribuciones-del-equipo-de-xmm2athena\/","title":{"rendered":"11 Feb 2023: Contribuciones del equipo de XMM2Athena"},"content":{"rendered":"\n<p><mark style=\"background-color:rgba(0, 0, 0, 0)\" class=\"has-inline-color has-black-color\">Para celebrar el D\u00eda Internacional de la Mujer y la Ni\u00f1a en la Ciencia, el equipo XMM2ATHENA ha llevado a cabo varias actividades. Puedes verlas a continuaci\u00f3n.<\/mark><\/p>\n\n\n\n<h2>Contribuci\u00f3n de XMM2ATHENA<\/h2>\n\n\n\n<hr class=\"wp-block-separator has-text-color has-background has-white-background-color has-white-color\"\/>\n\n\n\n<div class=\"wp-block-media-text alignwide is-stacked-on-mobile\" style=\"grid-template-columns:39% auto\"><figure class=\"wp-block-media-text__media\"><img loading=\"lazy\" width=\"1024\" height=\"768\" src=\"http:\/\/xmm-ssc.irap.omp.eu\/xmm2athena\/wp-content\/uploads\/2023\/02\/Slide2_high-1024x768.png\" alt=\"\" class=\"wp-image-4068 size-full\" srcset=\"http:\/\/xmm-ssc.irap.omp.eu\/xmm2athena\/wp-content\/uploads\/2023\/02\/Slide2_high-1024x768.png 1024w, http:\/\/xmm-ssc.irap.omp.eu\/xmm2athena\/wp-content\/uploads\/2023\/02\/Slide2_high-300x225.png 300w, http:\/\/xmm-ssc.irap.omp.eu\/xmm2athena\/wp-content\/uploads\/2023\/02\/Slide2_high-768x576.png 768w, http:\/\/xmm-ssc.irap.omp.eu\/xmm2athena\/wp-content\/uploads\/2023\/02\/Slide2_high-1440x1080.png 1440w, http:\/\/xmm-ssc.irap.omp.eu\/xmm2athena\/wp-content\/uploads\/2023\/02\/Slide2_high.png 1500w\" sizes=\"(max-width: 1024px) 100vw, 1024px\" \/><\/figure><div class=\"wp-block-media-text__content\">\n<p class=\"has-black-color has-text-color\">XMM2Athena se une a las celebraciones del D\u00eda Internacional de la Mujer y la Ni\u00f1a en la Ciencia con el objetivo de mostrar las contribuciones de las mujeres a la ciencia y, en particular, al campo de la astronom\u00eda y la astrof\u00edsica.<\/p>\n\n\n\n<p class=\"has-black-color has-text-color\">Este a\u00f1o para celebrar el 11 de febrero presentamos una iniciativa internacional conjunta del <a rel=\"noreferrer noopener\" href=\"http:\/\/xmm-ssc.irap.omp.eu\/xmm2athena\/\" target=\"_blank\">XMM2Athena<\/a>, la <a href=\"https:\/\/www.the-athena-x-ray-observatory.eu\/es\" target=\"_blank\" rel=\"noreferrer noopener\">Oficina Comunitaria Athena<\/a>, los consorcios <a rel=\"noreferrer noopener\" href=\"http:\/\/x-ifu.irap.omp.eu\/\" target=\"_blank\">X-IFU<\/a> y <a rel=\"noreferrer noopener\" href=\"https:\/\/www.mpe.mpg.de\/ATHENA-WFI\/\" target=\"_blank\">WFI<\/a> y el proyecto <a href=\"https:\/\/ahead.iaps.inaf.it\/\" target=\"_blank\" rel=\"noreferrer noopener\">AHEAD2020<\/a>, lanzando un concurso de Crucigrama: \u00bfcu\u00e1nto sabes sobre las mujeres astr\u00f3nomas?<\/p>\n\n\n\n<p class=\"has-black-color has-text-color\">Este concurso estaba abierto para todo p\u00e7ublico. El crucigrama se public\u00f3 en las p\u00e1ginas web y las redes sociales de los proyectos mencionados con el hashtag #2023AstroWomenXword. La selecci\u00f3n del ganador se hizo por sorteo, entre todas las respuestas correctas, y la ganadora fue Gloria Raharimbolamena.<\/p>\n<\/div><\/div>\n\n\n\n<hr class=\"wp-block-separator has-text-color has-background has-white-background-color has-white-color is-style-dots\"\/>\n\n\n\n<hr class=\"wp-block-separator is-style-wide\"\/>\n\n\n\n<h2>Contribuci\u00f3n del IRAP <\/h2>\n\n\n\n<div class=\"wp-block-media-text alignwide is-stacked-on-mobile\" style=\"grid-template-columns:40% auto\"><figure class=\"wp-block-media-text__media\"><img loading=\"lazy\" width=\"1024\" height=\"488\" src=\"http:\/\/xmm-ssc.irap.omp.eu\/xmm2athena\/wp-content\/uploads\/2023\/02\/FLYER-JIFFS-1-1024x488.png\" alt=\"\" class=\"wp-image-4078 size-full\" srcset=\"http:\/\/xmm-ssc.irap.omp.eu\/xmm2athena\/wp-content\/uploads\/2023\/02\/FLYER-JIFFS-1-1024x488.png 1024w, http:\/\/xmm-ssc.irap.omp.eu\/xmm2athena\/wp-content\/uploads\/2023\/02\/FLYER-JIFFS-1-300x143.png 300w, http:\/\/xmm-ssc.irap.omp.eu\/xmm2athena\/wp-content\/uploads\/2023\/02\/FLYER-JIFFS-1-768x366.png 768w, http:\/\/xmm-ssc.irap.omp.eu\/xmm2athena\/wp-content\/uploads\/2023\/02\/FLYER-JIFFS-1-1536x731.png 1536w, http:\/\/xmm-ssc.irap.omp.eu\/xmm2athena\/wp-content\/uploads\/2023\/02\/FLYER-JIFFS-1-2048x975.png 2048w, http:\/\/xmm-ssc.irap.omp.eu\/xmm2athena\/wp-content\/uploads\/2023\/02\/FLYER-JIFFS-1-1920x914.png 1920w\" sizes=\"(max-width: 1024px) 100vw, 1024px\" \/><\/figure><div class=\"wp-block-media-text__content\">\n<p class=\"has-black-color has-text-color\">Este d\u00eda pretende fomentar el acceso y la participaci\u00f3n plena e igualitaria de mujeres y ni\u00f1as en la ciencia.<br>En este contexto, Les Chemins Buissonniers, asociaci\u00f3n de educaci\u00f3n popular y miembro de la Federaci\u00f3n Francesa de Clubes para la UNESCO y en particular para los j\u00f3venes, abordar\u00e1 la cuesti\u00f3n de la igualdad de oportunidades en el \u00e1mbito cient\u00edfico.<br><\/p>\n\n\n\n<p class=\"has-black-color has-text-color\">Con un programa que se extiende a lo largo de los meses de febrero y marzo de 2023, el objetivo del proyecto llevado a cabo por Les Chemins Buissonniers es poner de relieve a las cient\u00edficas actuales y pasadas que han sido invisibles para la sociedad y la historia.<br>Con ocasi\u00f3n de los D\u00edas Internacionales de la Mujer y la Ciencia, doctorandas, j\u00f3venes investigadoras y cient\u00edficas destacadas -verdaderos modelos para las j\u00f3venes generaciones- compartir\u00e1n con ustedes sus historias, sus carreras y sus profesiones.<\/p>\n<\/div><\/div>\n\n\n\n<hr class=\"wp-block-separator has-text-color has-background has-white-background-color has-white-color\"\/>\n\n\n\n<hr class=\"wp-block-separator is-style-dots\"\/>\n\n\n\n<hr class=\"wp-block-separator has-text-color has-background has-white-background-color has-white-color\"\/>\n\n\n\n<hr class=\"wp-block-separator has-text-color has-background has-white-background-color has-white-color is-style-dots\"\/>\n\n\n\n<div class=\"wp-block-media-text alignwide is-stacked-on-mobile\" style=\"grid-template-columns:41% auto\"><figure class=\"wp-block-media-text__media\"><img loading=\"lazy\" width=\"1024\" height=\"576\" src=\"http:\/\/xmm-ssc.irap.omp.eu\/xmm2athena\/wp-content\/uploads\/2023\/02\/Chercheuses_dEtoiles-1024x576.png\" alt=\"\" class=\"wp-image-4079 size-full\" srcset=\"http:\/\/xmm-ssc.irap.omp.eu\/xmm2athena\/wp-content\/uploads\/2023\/02\/Chercheuses_dEtoiles-1024x576.png 1024w, http:\/\/xmm-ssc.irap.omp.eu\/xmm2athena\/wp-content\/uploads\/2023\/02\/Chercheuses_dEtoiles-300x169.png 300w, http:\/\/xmm-ssc.irap.omp.eu\/xmm2athena\/wp-content\/uploads\/2023\/02\/Chercheuses_dEtoiles-768x432.png 768w, http:\/\/xmm-ssc.irap.omp.eu\/xmm2athena\/wp-content\/uploads\/2023\/02\/Chercheuses_dEtoiles-1536x864.png 1536w, http:\/\/xmm-ssc.irap.omp.eu\/xmm2athena\/wp-content\/uploads\/2023\/02\/Chercheuses_dEtoiles.png 1920w\" sizes=\"(max-width: 1024px) 100vw, 1024px\" \/><\/figure><div class=\"wp-block-media-text__content\">\n<p class=\"has-large-font-size\"><\/p>\n\n\n\n<p class=\"has-black-color has-text-color\">Chercheuses d&rsquo;\u00c9toiles es un acontecimiento dedicado a la promoci\u00f3n de la mujer en las profesiones de la astronom\u00eda y el espacio. Su objetivo es sensibilizar, en particular a las estudiantes, sobre la accesibilidad de estos campos para todas hoy en d\u00eda. Las j\u00f3venes no deben seguir pensando que estas profesiones est\u00e1n fuera de su alcance debido a su sexo o a sus capacidades. Hay muchas formas de trabajar en este campo, pero a menudo son desconocidas para el p\u00fablico. Aqu\u00ed puedes informarte con quienes han hecho del espacio una pasi\u00f3n y una profesi\u00f3n.<\/p>\n<\/div><\/div>\n\n\n\n<hr class=\"wp-block-separator has-text-color has-background has-white-background-color has-white-color\"\/>\n\n\n\n<hr class=\"wp-block-separator has-text-color has-background has-white-background-color has-white-color\"\/>\n\n\n\n<hr class=\"wp-block-separator is-style-wide\"\/>\n\n\n\n<h2>Contribuci\u00f3n del IFCA <\/h2>\n\n\n\n<hr class=\"wp-block-separator has-text-color has-background has-white-background-color has-white-color\"\/>\n\n\n\n<div class=\"wp-block-media-text alignwide is-stacked-on-mobile\" style=\"grid-template-columns:41% auto\"><figure class=\"wp-block-media-text__media\"><img loading=\"lazy\" width=\"1024\" height=\"493\" src=\"http:\/\/xmm-ssc.irap.omp.eu\/xmm2athena\/wp-content\/uploads\/2022\/02\/FOTOS-WEB-1024x493.png\" alt=\"\" class=\"wp-image-2389 size-full\" srcset=\"http:\/\/xmm-ssc.irap.omp.eu\/xmm2athena\/wp-content\/uploads\/2022\/02\/FOTOS-WEB-1024x493.png 1024w, http:\/\/xmm-ssc.irap.omp.eu\/xmm2athena\/wp-content\/uploads\/2022\/02\/FOTOS-WEB-300x144.png 300w, http:\/\/xmm-ssc.irap.omp.eu\/xmm2athena\/wp-content\/uploads\/2022\/02\/FOTOS-WEB-768x370.png 768w, http:\/\/xmm-ssc.irap.omp.eu\/xmm2athena\/wp-content\/uploads\/2022\/02\/FOTOS-WEB.png 1350w\" sizes=\"(max-width: 1024px) 100vw, 1024px\" \/><\/figure><div class=\"wp-block-media-text__content\">\n<h3>Expandiendo la Ciencia <\/h3>\n\n\n\n<p class=\"has-black-color has-text-color\">Esta iniciativa permite a los institutos y centros de secundaria contar con un investigador del IFCA que imparta un seminario sobre diversos campos de la f\u00edsica, ya sea online o presencial.<br>Durante las actividades programadas para la celebraci\u00f3n del 11 de febrero, las charlas impartidas fueron: A hombros de (mujeres) gigantes y Mujeres cient\u00edficas en el cine y la TV<\/p>\n<\/div><\/div>\n\n\n\n<hr class=\"wp-block-separator has-text-color has-background has-white-background-color has-white-color\"\/>\n\n\n\n<hr class=\"wp-block-separator has-text-color has-background has-white-background-color has-white-color is-style-dots\"\/>\n\n\n\n<hr class=\"wp-block-separator is-style-dots\"\/>\n\n\n\n<div class=\"wp-block-media-text alignwide is-stacked-on-mobile\" style=\"grid-template-columns:40% auto\"><figure class=\"wp-block-media-text__media\"><img loading=\"lazy\" width=\"1024\" height=\"576\" src=\"http:\/\/xmm-ssc.irap.omp.eu\/xmm2athena\/wp-content\/uploads\/2022\/02\/Cartel-Chatea-2022_1200x675-1024x576.png\" alt=\"\" class=\"wp-image-2383 size-full\" srcset=\"http:\/\/xmm-ssc.irap.omp.eu\/xmm2athena\/wp-content\/uploads\/2022\/02\/Cartel-Chatea-2022_1200x675-1024x576.png 1024w, http:\/\/xmm-ssc.irap.omp.eu\/xmm2athena\/wp-content\/uploads\/2022\/02\/Cartel-Chatea-2022_1200x675-300x169.png 300w, http:\/\/xmm-ssc.irap.omp.eu\/xmm2athena\/wp-content\/uploads\/2022\/02\/Cartel-Chatea-2022_1200x675-768x432.png 768w, http:\/\/xmm-ssc.irap.omp.eu\/xmm2athena\/wp-content\/uploads\/2022\/02\/Cartel-Chatea-2022_1200x675.png 1200w\" sizes=\"(max-width: 1024px) 100vw, 1024px\" \/><\/figure><div class=\"wp-block-media-text__content\">\n<h3>Chatea con una Astr\u00f3noma<\/h3>\n\n\n\n<p class=\"has-black-color has-text-color\">El 7 de marzo de 2023, de 10 a 22 horas (hora peninsular), tendr\u00e1 lugar la 6\u00aa edici\u00f3n de la actividad \u00ab\u00a0Charla con un Astr\u00f3noma\u00a0\u00bb en el marco del 11 de febrero: D\u00eda Internacional de la Mujer y la Ni\u00f1a en la Ciencia. Esta actividad est\u00e1 organizada por la Comisi\u00f3n Mujer y Astronom\u00eda de la Sociedad Espa\u00f1ola de Astronom\u00eda y la plataforma TAWK.TO.<\/p>\n\n\n\n<p class=\"has-black-color has-text-color\"> El principal objetivo de \u00ab\u00a0Chatea con una Astr\u00f3noma\u00a0\u00bb es acercar la ciencia actual al gran p\u00fablico a trav\u00e9s de sus protagonistas femeninas, dando as\u00ed visibilidad a su presencia y relevancia. \u00ab\u00a0Charla con una Astr\u00f3noma\u00a0\u00bb es una actividad de divulgaci\u00f3n \u00fanica porque est\u00e1 disponible para cualquier persona con conexi\u00f3n a Internet, por remota que sea su ubicaci\u00f3n, y porque proporciona una plataforma directa y privada de conversaci\u00f3n entre astrof\u00edsicas profesionales y el p\u00fablico en general.<\/p>\n<\/div><\/div>\n\n\n\n<hr class=\"wp-block-separator has-text-color has-background has-white-background-color has-white-color is-style-dots\"\/>\n\n\n\n<hr class=\"wp-block-separator has-text-color has-background has-white-background-color has-white-color\"\/>\n\n\n\n<hr class=\"wp-block-separator is-style-dots\"\/>\n\n\n\n<hr class=\"wp-block-separator has-text-color has-background has-white-background-color has-white-color\"\/>\n\n\n\n<hr class=\"wp-block-separator has-text-color has-background has-white-background-color has-white-color\"\/>\n\n\n\n<div class=\"wp-block-media-text alignwide is-stacked-on-mobile\" style=\"grid-template-columns:40% auto\"><figure class=\"wp-block-media-text__media\"><img loading=\"lazy\" width=\"366\" height=\"383\" src=\"http:\/\/xmm-ssc.irap.omp.eu\/xmm2athena\/wp-content\/uploads\/2023\/02\/compo-1.png\" alt=\"\" class=\"wp-image-4146 size-full\" srcset=\"http:\/\/xmm-ssc.irap.omp.eu\/xmm2athena\/wp-content\/uploads\/2023\/02\/compo-1.png 366w, http:\/\/xmm-ssc.irap.omp.eu\/xmm2athena\/wp-content\/uploads\/2023\/02\/compo-1-287x300.png 287w\" sizes=\"(max-width: 366px) 100vw, 366px\" \/><\/figure><div class=\"wp-block-media-text__content\">\n<p class=\"has-large-font-size\"><\/p>\n\n\n\n<p class=\"has-black-color has-text-color\">Enmarcado en el d\u00eda internacional de la mujer y la ni\u00f1a en la ciencia, tres investigadoras de la Universidad de Cantabria participaron en el programa de radio Vive Cantabria con el fin de dar a conocer sus propias experiencias tanto en el \u00e1mbito profesional, como en el personal y hacer un peque\u00f1o an\u00e1lisis de la desigualdad, a\u00fan existente, entre hombres y mujeres a la hora de acceder a estudios universitarios, especialmente a carreras STEM.<\/p>\n<\/div><\/div>\n","protected":false},"excerpt":{"rendered":"<p>Para celebrar el D\u00eda Internacional de la Mujer y la Ni\u00f1a en la Ciencia, el equipo XMM2ATHENA ha llevado a cabo varias actividades. Puedes verlas a continuaci\u00f3n. Contribuci\u00f3n de XMM2ATHENA XMM2Athena se une a las celebraciones del D\u00eda Internacional de la Mujer y la Ni\u00f1a en la Ciencia con el objetivo de mostrar las contribuciones&hellip; <br \/> <a class=\"read-more\" href=\"http:\/\/xmm-ssc.irap.omp.eu\/xmm2athena\/es\/11-feb-2023-contribuciones-del-equipo-de-xmm2athena\/\">Lire la suite<\/a><\/p>\n","protected":false},"author":5,"featured_media":0,"parent":0,"menu_order":0,"comment_status":"closed","ping_status":"closed","template":"","meta":{"_eb_attr":"","_mi_skip_tracking":false,"_monsterinsights_sitenote_active":false,"_monsterinsights_sitenote_note":"","_monsterinsights_sitenote_category":0},"_links":{"self":[{"href":"http:\/\/xmm-ssc.irap.omp.eu\/xmm2athena\/wp-json\/wp\/v2\/pages\/4132"}],"collection":[{"href":"http:\/\/xmm-ssc.irap.omp.eu\/xmm2athena\/wp-json\/wp\/v2\/pages"}],"about":[{"href":"http:\/\/xmm-ssc.irap.omp.eu\/xmm2athena\/wp-json\/wp\/v2\/types\/page"}],"author":[{"embeddable":true,"href":"http:\/\/xmm-ssc.irap.omp.eu\/xmm2athena\/wp-json\/wp\/v2\/users\/5"}],"replies":[{"embeddable":true,"href":"http:\/\/xmm-ssc.irap.omp.eu\/xmm2athena\/wp-json\/wp\/v2\/comments?post=4132"}],"version-history":[{"count":8,"href":"http:\/\/xmm-ssc.irap.omp.eu\/xmm2athena\/wp-json\/wp\/v2\/pages\/4132\/revisions"}],"predecessor-version":[{"id":4150,"href":"http:\/\/xmm-ssc.irap.omp.eu\/xmm2athena\/wp-json\/wp\/v2\/pages\/4132\/revisions\/4150"}],"wp:attachment":[{"href":"http:\/\/xmm-ssc.irap.omp.eu\/xmm2athena\/wp-json\/wp\/v2\/media?parent=4132"}],"curies":[{"name":"wp","href":"https:\/\/api.w.org\/{rel}","templated":true}]}}